{"version":"1.0","provider_name":"De Avila Abogados Blog","provider_url":"https:\/\/deavilaabogados.com\/blog","author_name":"Patricia Cebolla De \u00c1vila","author_url":"https:\/\/deavilaabogados.com\/blog\/author\/javierdeavila\/","title":"Plazo de prescripci\u00f3n de la acci\u00f3n de reclamaci\u00f3n de las cuotas impagadas a la comunidad de propietarios\ufffc - De Avila Abogados Blog","type":"rich","width":600,"height":338,"html":"<blockquote class=\"wp-embedded-content\" data-secret=\"FWvrWTJ5jN\"><a href=\"https:\/\/deavilaabogados.com\/blog\/2020\/03\/20\/reclamacion-cuotas-impagadas-comunidad-propietarios\/\">Plazo de prescripci\u00f3n de la acci\u00f3n de reclamaci\u00f3n de las cuotas impagadas a la comunidad de propietarios\ufffc<\/a><\/blockquote><iframe sandbox=\"allow-scripts\" security=\"restricted\" src=\"https:\/\/deavilaabogados.com\/blog\/2020\/03\/20\/reclamacion-cuotas-impagadas-comunidad-propietarios\/embed\/#?secret=FWvrWTJ5jN\" width=\"600\" height=\"338\" title=\"\u00abPlazo de prescripci\u00f3n de la acci\u00f3n de reclamaci\u00f3n de las cuotas impagadas a la comunidad de propietarios\ufffc\u00bb \u2014 De Avila Abogados Blog\" data-secret=\"FWvrWTJ5jN\" frameborder=\"0\" marginwidth=\"0\" marginheight=\"0\" scrolling=\"no\" class=\"wp-embedded-content\"><\/iframe><script type=\"text\/javascript\">\n\/* <![CDATA[ *\/\n\/*! This file is auto-generated *\/\n!function(d,l){\"use strict\";l.querySelector&&d.addEventListener&&\"undefined\"!=typeof URL&&(d.wp=d.wp||{},d.wp.receiveEmbedMessage||(d.wp.receiveEmbedMessage=function(e){var t=e.data;if((t||t.secret||t.message||t.value)&&!\/[^a-zA-Z0-9]\/.test(t.secret)){for(var s,r,n,a=l.querySelectorAll('iframe[data-secret=\"'+t.secret+'\"]'),o=l.querySelectorAll('blockquote[data-secret=\"'+t.secret+'\"]'),c=new RegExp(\"^https?:$\",\"i\"),i=0;i<o.length;i++)o[i].style.display=\"none\";for(i=0;i<a.length;i++)s=a[i],e.source===s.contentWindow&&(s.removeAttribute(\"style\"),\"height\"===t.message?(1e3<(r=parseInt(t.value,10))?r=1e3:~~r<200&&(r=200),s.height=r):\"link\"===t.message&&(r=new URL(s.getAttribute(\"src\")),n=new URL(t.value),c.test(n.protocol))&&n.host===r.host&&l.activeElement===s&&(d.top.location.href=t.value))}},d.addEventListener(\"message\",d.wp.receiveEmbedMessage,!1),l.addEventListener(\"DOMContentLoaded\",function(){for(var e,t,s=l.querySelectorAll(\"iframe.wp-embedded-content\"),r=0;r<s.length;r++)(t=(e=s[r]).getAttribute(\"data-secret\"))||(t=Math.random().toString(36).substring(2,12),e.src+=\"#?secret=\"+t,e.setAttribute(\"data-secret\",t)),e.contentWindow.postMessage({message:\"ready\",secret:t},\"*\")},!1)))}(window,document);\n\/\/# sourceURL=https:\/\/deavilaabogados.com\/blog\/wp-includes\/js\/wp-embed.min.js\n\/* ]]> *\/\n<\/script>\n","thumbnail_url":"https:\/\/deavilaabogados.com\/blog\/wp-content\/uploads\/2020\/03\/business-men-sitting-at-the-lawyers-s-desk-people-signing-important-documents.jpg","thumbnail_width":1000,"thumbnail_height":667,"description":"1. Introducci\u00f3n2. Prescripci\u00f3n de la acci\u00f3n3. Interrupci\u00f3n de la prescripci\u00f3n4. Computo del plazo a efectos de prescripci\u00f3n5. Conclusi\u00f3n 1. Introducci\u00f3n Las deudas de Comunidad, tienen un plazo m\u00e1ximo para ser reclamadas, tras lo cual, el propietario deudor, aunque no haya pagado, no se le podr\u00e1 reclamar judicialmente. 2. Prescripci\u00f3n de la acci\u00f3n En este art\u00edculo [&hellip;]"}